{"id":2008,"date":"2020-06-16T22:44:57","date_gmt":"2020-06-16T20:44:57","guid":{"rendered":"https:\/\/miguides.com\/?page_id=2008"},"modified":"2026-02-27T20:51:12","modified_gmt":"2026-02-27T19:51:12","slug":"home","status":"publish","type":"page","link":"https:\/\/www.miguides.com\/de\/","title":{"rendered":"Startseite"},"content":{"rendered":"<div class=\"wpb-content-wrapper\"><h2 style=\"text-align: center;\">Willkommen auf der Webseite des Verbandes Ungarischer Fremdenf\u00fchrer!<\/h2>\n<p><span style=\"font-weight: 400;\">[vc_row][vc_column width=&#8220;1\/6&#8243;][vc_column_text]<\/span>[\/vc_column_text][\/vc_column]<\/p>\n<p><span style=\"font-weight: 400;\">[vc_column width=&#8220;4\/6&#8243;][vc_column_text]<\/span><\/p>\n<p>Der Verband Ungarischer Fremdenf\u00fchrer (Magyar Idegenvezet\u0151k Egyes\u00fclete = MIe) wurde am 10. November 2016 gegr\u00fcndet.<\/p>\n<p>Ziele des Verbandes sind<\/p>\n<ul>\n<li>einerseits die Steigerung des Know-Hows und der Fachkompetenz der Fremdenf\u00fchrerInnen<\/li>\n<li>andererseits die Interessenvertretung der staatlich gepr\u00fcften Fremdenf\u00fchrerInnen in Ungarn<\/li>\n<\/ul>\n<p>Um f\u00fcr die Zukunft ger\u00fcstet zu sein,<\/p>\n<ul>\n<li>bieten wir laufend Weiterbildungskurse f\u00fcr die Mitglieder des Verbandes Ungarischer Fremdenf\u00fchrer an<\/li>\n<li>f\u00fchren wir regelm\u00e4\u00dfige Gespr\u00e4che \u00fcber branchenspezifische Themen mit Entscheidungstr\u00e4gern aus Wirtschaft und Politik im Interesse unserer Mitglieder<\/li>\n<li>arbeiten wir eng mit den wichtigsten touristischen Fachgruppen im In- und Ausland zusammen<\/li>\n<\/ul>\n<p>Neben dem hohen fachlichen Qualit\u00e4tsanspruch erwarten wir von unseren Mitgliedern die Einhaltung des Ethikkodexes.<\/p>\n<p>Bei Bedarf leisten wir f\u00fcr die in Ungarn staatlich gepr\u00fcften Fremdenf\u00fchrerInnen im Rahmen der Mitgliedschaft Rechtsbeistand.<\/p>\n<p>Sie suchen einen hochqualifizierten Fremdenf\u00fchrerIn in Ungarn?<\/p>\n<p>Dann sind Sie bei uns genau richtig. Gerne helfen wir Ihnen weiter. Bitte klicken Sie hier:\u00a0<a href=\"https:\/\/miguides.com\/de\/egyesueleti-tagok-members\/\">https:\/\/miguides.com\/de\/egyesueleti-tagok-members\/ <\/a><\/p>\n<h3>\u00a0<\/h3>\n<h3 style=\"text-align: center;\">Unsere Partner und F\u00f6rderer<\/h3>\n<p>\u00a0<\/p>\n\n<p>[vc_row][vc_column width=&#8220;1\/6&#8243;][vc_column_text][\/vc_column_text][\/vc_column]<\/p>\n<p style=\"text-align: left;\">[vc_column width=&#8220;1\/5&#8243;][vc_column_text]<b>Member of<\/b><\/p>\n<p style=\"text-align: left;\"><img loading=\"lazy\" decoding=\"async\" class=\"alignnone wp-image-7503\" src=\"https:\/\/www.miguides.com\/wp-content\/uploads\/2020\/11\/WFTGA-01_1200px-150x150.jpg\" alt=\"World Federation of Tourist Guide Associations\" width=\"150\" height=\"150\" srcset=\"https:\/\/www.miguides.com\/wp-content\/uploads\/2020\/11\/WFTGA-01_1200px-150x150.jpg 150w, https:\/\/www.miguides.com\/wp-content\/uploads\/2020\/11\/WFTGA-01_1200px-300x300.jpg 300w, https:\/\/www.miguides.com\/wp-content\/uploads\/2020\/11\/WFTGA-01_1200px-200x200.jpg 200w, https:\/\/www.miguides.com\/wp-content\/uploads\/2020\/11\/WFTGA-01_1200px-600x600.jpg 600w, https:\/\/www.miguides.com\/wp-content\/uploads\/2020\/11\/WFTGA-01_1200px-1024x1024.jpg 1024w, https:\/\/www.miguides.com\/wp-content\/uploads\/2020\/11\/WFTGA-01_1200px-768x768.jpg 768w, https:\/\/www.miguides.com\/wp-content\/uploads\/2020\/11\/WFTGA-01_1200px.jpg 1200w\" sizes=\"auto, (max-width: 150px) 100vw, 150px\" \/>[\/vc_column_text][\/vc_column]<\/p>\n<p style=\"text-align: left;\">[vc_column width=&#8220;1\/5&#8243;][vc_column_text]<b>Member of<\/b><\/p>\n<p><img loading=\"lazy\" decoding=\"async\" class=\"alignnone wp-image-3034\" src=\"https:\/\/miguides.com\/wp-content\/uploads\/2020\/03\/FEG-150x150.jpg\" alt=\"European Federation of Tourist Guide Associations\" width=\"150\" height=\"150\">[\/vc_column_text][\/vc_column]<\/p>\n<p>[vc_column width=&#8220;1\/5&#8243;][vc_column_text]<\/p>\n<p>[\/vc_column_text][\/vc_column]<\/p>\n<p>[vc_column width=&#8220;1\/5&#8243;][vc_column_text][\/vc_column_text][\/vc_column][\/vc_row]<\/p>\n\n\n<p>[vc_row][vc_column width=&#8220;1\/6&#8243;][vc_column_text][\/vc_column_text][\/vc_column]<\/p>\n<p>[vc_column width=&#8220;1\/5&#8243;][vc_column_text]<a href=\"https:\/\/www.iminibusz.hu\/\" target=\"_blank\" rel=\"noopener noreferrer\"><img loading=\"lazy\" decoding=\"async\" class=\"alignnone wp-image-2366 size-full\" src=\"https:\/\/miguides.com\/wp-content\/uploads\/2017\/05\/file-page1.jpg\" alt=\"\" width=\"248\" height=\"46\"><\/a>[\/vc_column_text][\/vc_column]<\/p>\n<p>[vc_column width=&#8220;1\/5&#8243;][vc_column_text]<a href=\"https:\/\/www.hotelvisegrad.hu\" target=\"_blank\" rel=\"noopener noreferrer\"><img loading=\"lazy\" decoding=\"async\" class=\"alignnone wp-image-2362 size-full\" src=\"https:\/\/miguides.com\/wp-content\/uploads\/2017\/05\/Hotel_Visegrad_logo-jpg.jpg\" alt=\"\" width=\"228\" height=\"80\"><\/a>[\/vc_column_text][\/vc_column]<\/p>\n<p>[vc_column width=&#8220;1\/5&#8243;][vc_column_text][\/vc_column_text][\/vc_column]<\/p>\n<p>[vc_column width=&#8220;1\/5&#8243;][vc_column_text][\/vc_column_text][\/vc_column][\/vc_row]<\/p>\n\n\n<p>[vc_row][vc_column width=&#8220;1\/6&#8243;][vc_column_text][\/vc_column_text][\/vc_column]<\/p>\n<p>[vc_column width=&#8220;1\/5&#8243;][vc_column_text]<img loading=\"lazy\" decoding=\"async\" class=\"alignnone wp-image-2878\" src=\"https:\/\/miguides.com\/wp-content\/uploads\/2018\/04\/VIA_SACRA_logo_2C_lila_zold-300x171.jpg\" alt=\"\" width=\"229\" height=\"108\">[\/vc_column_text][\/vc_column][vc_column width=&#8220;1\/5&#8243;][vc_column_text]<img loading=\"lazy\" decoding=\"async\" class=\"alignnone  wp-image-2882\" src=\"https:\/\/miguides.com\/wp-content\/uploads\/2018\/04\/zseppelin_nagylogo_mpng-300x137.png\" alt=\"\" width=\"257\" height=\"95\">[\/vc_column_text][\/vc_column][vc_column width=&#8220;1\/5&#8243;][vc_column_text]<img loading=\"lazy\" decoding=\"async\" class=\"alignnone  wp-image-2938\" src=\"https:\/\/miguides.com\/wp-content\/uploads\/2019\/08\/proko_logo_png1-300x300.png\" alt=\"\" width=\"178\" height=\"136\">[\/vc_column_text][\/vc_column]<\/p>\n<p>[vc_column width=&#8220;1\/5&#8243;][vc_column_text][\/vc_column_text][\/vc_column][\/vc_row]<\/p>\n<\/div>","protected":false},"excerpt":{"rendered":"<p>Willkommen auf der Webseite des Verbandes Ungarischer Fremdenf\u00fchrer! [vc_row][vc_column width=&#8220;1\/6&#8243;][vc_column_text][\/vc_column_text][\/vc_column] [vc_column width=&#8220;4\/6&#8243;][vc_column_text] Der Verband Ungarischer Fremdenf\u00fchrer (Magyar Idegenvezet\u0151k Egyes\u00fclete = MIe) wurde am 10. November 2016 gegr\u00fcndet. Ziele des Verbandes sind einerseits die Steigerung des Know-Hows und der Fachkompetenz der Fremdenf\u00fchrerInnen andererseits die Interessenvertretung der staatlich gepr\u00fcften Fremdenf\u00fchrerInnen in Ungarn Um f\u00fcr die Zukunft ger\u00fcstet&hellip;<\/p>\n","protected":false},"author":2,"featured_media":16052,"parent":0,"menu_order":0,"comment_status":"closed","ping_status":"closed","template":"","meta":{"footnotes":""},"class_list":["post-2008","page","type-page","status-publish","has-post-thumbnail","hentry","description-off"],"yoast_head":"<!-- This site is optimized with the Yoast SEO plugin v27.4 - https:\/\/yoast.com\/product\/yoast-seo-wordpress\/ -->\n<title>Startseite - Magyar Idegenvezet\u0151k Egyes\u00fclete<\/title>\n<meta name=\"robots\" content=\"index, follow, max-snippet:-1, max-image-preview:large, max-video-preview:-1\" \/>\n<link rel=\"canonical\" href=\"https:\/\/www.miguides.com\/de\/\" \/>\n<meta property=\"og:locale\" content=\"de_DE\" \/>\n<meta property=\"og:type\" content=\"article\" \/>\n<meta property=\"og:title\" content=\"Startseite - Magyar Idegenvezet\u0151k Egyes\u00fclete\" \/>\n<meta property=\"og:description\" content=\"Willkommen auf der Webseite des Verbandes Ungarischer Fremdenf\u00fchrer! [vc_row][vc_column width=&#8220;1\/6&#8243;][vc_column_text][\/vc_column_text][\/vc_column] [vc_column width=&#8220;4\/6&#8243;][vc_column_text] Der Verband Ungarischer Fremdenf\u00fchrer (Magyar Idegenvezet\u0151k Egyes\u00fclete = MIe) wurde am 10. November 2016 gegr\u00fcndet. Ziele des Verbandes sind einerseits die Steigerung des Know-Hows und der Fachkompetenz der Fremdenf\u00fchrerInnen andererseits die Interessenvertretung der staatlich gepr\u00fcften Fremdenf\u00fchrerInnen in Ungarn Um f\u00fcr die Zukunft ger\u00fcstet&hellip;\" \/>\n<meta property=\"og:url\" content=\"https:\/\/www.miguides.com\/de\/\" \/>\n<meta property=\"og:site_name\" content=\"Magyar Idegenvezet\u0151k Egyes\u00fclete\" \/>\n<meta property=\"article:publisher\" content=\"https:\/\/www.facebook.com\/magyaridegenvezetokegyesulete\/\" \/>\n<meta property=\"article:modified_time\" content=\"2026-02-27T19:51:12+00:00\" \/>\n<meta property=\"og:image\" content=\"https:\/\/www.miguides.com\/wp-content\/uploads\/2024\/02\/Mie-vegleges-logo-2022.jpg\" \/>\n\t<meta property=\"og:image:width\" content=\"1181\" \/>\n\t<meta property=\"og:image:height\" content=\"1195\" \/>\n\t<meta property=\"og:image:type\" content=\"image\/jpeg\" \/>\n<meta name=\"twitter:card\" content=\"summary_large_image\" \/>\n<meta name=\"twitter:label1\" content=\"Gesch\u00e4tzte Lesezeit\" \/>\n\t<meta name=\"twitter:data1\" content=\"3\u00a0Minuten\" \/>\n<script type=\"application\/ld+json\" class=\"yoast-schema-graph\">{\"@context\":\"https:\\\/\\\/schema.org\",\"@graph\":[{\"@type\":\"WebPage\",\"@id\":\"https:\\\/\\\/www.miguides.com\\\/de\\\/\",\"url\":\"https:\\\/\\\/www.miguides.com\\\/de\\\/\",\"name\":\"Startseite - Magyar Idegenvezet\u0151k Egyes\u00fclete\",\"isPartOf\":{\"@id\":\"https:\\\/\\\/www.miguides.com\\\/de\\\/#website\"},\"primaryImageOfPage\":{\"@id\":\"https:\\\/\\\/www.miguides.com\\\/de\\\/#primaryimage\"},\"image\":{\"@id\":\"https:\\\/\\\/www.miguides.com\\\/de\\\/#primaryimage\"},\"thumbnailUrl\":\"https:\\\/\\\/www.miguides.com\\\/wp-content\\\/uploads\\\/2024\\\/02\\\/Mie-vegleges-logo-2022.jpg\",\"datePublished\":\"2020-06-16T20:44:57+00:00\",\"dateModified\":\"2026-02-27T19:51:12+00:00\",\"breadcrumb\":{\"@id\":\"https:\\\/\\\/www.miguides.com\\\/de\\\/#breadcrumb\"},\"inLanguage\":\"de\",\"potentialAction\":[{\"@type\":\"ReadAction\",\"target\":[\"https:\\\/\\\/www.miguides.com\\\/de\\\/\"]}]},{\"@type\":\"ImageObject\",\"inLanguage\":\"de\",\"@id\":\"https:\\\/\\\/www.miguides.com\\\/de\\\/#primaryimage\",\"url\":\"https:\\\/\\\/www.miguides.com\\\/wp-content\\\/uploads\\\/2024\\\/02\\\/Mie-vegleges-logo-2022.jpg\",\"contentUrl\":\"https:\\\/\\\/www.miguides.com\\\/wp-content\\\/uploads\\\/2024\\\/02\\\/Mie-vegleges-logo-2022.jpg\",\"width\":1181,\"height\":1195},{\"@type\":\"BreadcrumbList\",\"@id\":\"https:\\\/\\\/www.miguides.com\\\/de\\\/#breadcrumb\",\"itemListElement\":[{\"@type\":\"ListItem\",\"position\":1,\"name\":\"Kezd\u0151lap\",\"item\":\"https:\\\/\\\/www.miguides.com\\\/de\\\/\"},{\"@type\":\"ListItem\",\"position\":2,\"name\":\"Startseite\"}]},{\"@type\":\"WebSite\",\"@id\":\"https:\\\/\\\/www.miguides.com\\\/de\\\/#website\",\"url\":\"https:\\\/\\\/www.miguides.com\\\/de\\\/\",\"name\":\"Magyar Idegenvezet\u0151k Egyes\u00fclete\",\"description\":\"Magyar Idegenvezet\u0151k Egyes\u00fclete\",\"potentialAction\":[{\"@type\":\"SearchAction\",\"target\":{\"@type\":\"EntryPoint\",\"urlTemplate\":\"https:\\\/\\\/www.miguides.com\\\/de\\\/?s={search_term_string}\"},\"query-input\":{\"@type\":\"PropertyValueSpecification\",\"valueRequired\":true,\"valueName\":\"search_term_string\"}}],\"inLanguage\":\"de\"}]}<\/script>\n<!-- \/ Yoast SEO plugin. -->","yoast_head_json":{"title":"Startseite - Magyar Idegenvezet\u0151k Egyes\u00fclete","robots":{"index":"index","follow":"follow","max-snippet":"max-snippet:-1","max-image-preview":"max-image-preview:large","max-video-preview":"max-video-preview:-1"},"canonical":"https:\/\/www.miguides.com\/de\/","og_locale":"de_DE","og_type":"article","og_title":"Startseite - Magyar Idegenvezet\u0151k Egyes\u00fclete","og_description":"Willkommen auf der Webseite des Verbandes Ungarischer Fremdenf\u00fchrer! [vc_row][vc_column width=&#8220;1\/6&#8243;][vc_column_text][\/vc_column_text][\/vc_column] [vc_column width=&#8220;4\/6&#8243;][vc_column_text] Der Verband Ungarischer Fremdenf\u00fchrer (Magyar Idegenvezet\u0151k Egyes\u00fclete = MIe) wurde am 10. November 2016 gegr\u00fcndet. Ziele des Verbandes sind einerseits die Steigerung des Know-Hows und der Fachkompetenz der Fremdenf\u00fchrerInnen andererseits die Interessenvertretung der staatlich gepr\u00fcften Fremdenf\u00fchrerInnen in Ungarn Um f\u00fcr die Zukunft ger\u00fcstet&hellip;","og_url":"https:\/\/www.miguides.com\/de\/","og_site_name":"Magyar Idegenvezet\u0151k Egyes\u00fclete","article_publisher":"https:\/\/www.facebook.com\/magyaridegenvezetokegyesulete\/","article_modified_time":"2026-02-27T19:51:12+00:00","og_image":[{"width":1181,"height":1195,"url":"https:\/\/www.miguides.com\/wp-content\/uploads\/2024\/02\/Mie-vegleges-logo-2022.jpg","type":"image\/jpeg"}],"twitter_card":"summary_large_image","twitter_misc":{"Gesch\u00e4tzte Lesezeit":"3\u00a0Minuten"},"schema":{"@context":"https:\/\/schema.org","@graph":[{"@type":"WebPage","@id":"https:\/\/www.miguides.com\/de\/","url":"https:\/\/www.miguides.com\/de\/","name":"Startseite - Magyar Idegenvezet\u0151k Egyes\u00fclete","isPartOf":{"@id":"https:\/\/www.miguides.com\/de\/#website"},"primaryImageOfPage":{"@id":"https:\/\/www.miguides.com\/de\/#primaryimage"},"image":{"@id":"https:\/\/www.miguides.com\/de\/#primaryimage"},"thumbnailUrl":"https:\/\/www.miguides.com\/wp-content\/uploads\/2024\/02\/Mie-vegleges-logo-2022.jpg","datePublished":"2020-06-16T20:44:57+00:00","dateModified":"2026-02-27T19:51:12+00:00","breadcrumb":{"@id":"https:\/\/www.miguides.com\/de\/#breadcrumb"},"inLanguage":"de","potentialAction":[{"@type":"ReadAction","target":["https:\/\/www.miguides.com\/de\/"]}]},{"@type":"ImageObject","inLanguage":"de","@id":"https:\/\/www.miguides.com\/de\/#primaryimage","url":"https:\/\/www.miguides.com\/wp-content\/uploads\/2024\/02\/Mie-vegleges-logo-2022.jpg","contentUrl":"https:\/\/www.miguides.com\/wp-content\/uploads\/2024\/02\/Mie-vegleges-logo-2022.jpg","width":1181,"height":1195},{"@type":"BreadcrumbList","@id":"https:\/\/www.miguides.com\/de\/#breadcrumb","itemListElement":[{"@type":"ListItem","position":1,"name":"Kezd\u0151lap","item":"https:\/\/www.miguides.com\/de\/"},{"@type":"ListItem","position":2,"name":"Startseite"}]},{"@type":"WebSite","@id":"https:\/\/www.miguides.com\/de\/#website","url":"https:\/\/www.miguides.com\/de\/","name":"Magyar Idegenvezet\u0151k Egyes\u00fclete","description":"Magyar Idegenvezet\u0151k Egyes\u00fclete","potentialAction":[{"@type":"SearchAction","target":{"@type":"EntryPoint","urlTemplate":"https:\/\/www.miguides.com\/de\/?s={search_term_string}"},"query-input":{"@type":"PropertyValueSpecification","valueRequired":true,"valueName":"search_term_string"}}],"inLanguage":"de"}]}},"_links":{"self":[{"href":"https:\/\/www.miguides.com\/de\/wp-json\/wp\/v2\/pages\/2008","targetHints":{"allow":["GET"]}}],"collection":[{"href":"https:\/\/www.miguides.com\/de\/wp-json\/wp\/v2\/pages"}],"about":[{"href":"https:\/\/www.miguides.com\/de\/wp-json\/wp\/v2\/types\/page"}],"author":[{"embeddable":true,"href":"https:\/\/www.miguides.com\/de\/wp-json\/wp\/v2\/users\/2"}],"replies":[{"embeddable":true,"href":"https:\/\/www.miguides.com\/de\/wp-json\/wp\/v2\/comments?post=2008"}],"version-history":[{"count":3,"href":"https:\/\/www.miguides.com\/de\/wp-json\/wp\/v2\/pages\/2008\/revisions"}],"predecessor-version":[{"id":17518,"href":"https:\/\/www.miguides.com\/de\/wp-json\/wp\/v2\/pages\/2008\/revisions\/17518"}],"wp:featuredmedia":[{"embeddable":true,"href":"https:\/\/www.miguides.com\/de\/wp-json\/wp\/v2\/media\/16052"}],"wp:attachment":[{"href":"https:\/\/www.miguides.com\/de\/wp-json\/wp\/v2\/media?parent=2008"}],"curies":[{"name":"wp","href":"https:\/\/api.w.org\/{rel}","templated":true}]}}